{"id":21,"date":"2022-08-01T07:02:54","date_gmt":"2022-08-01T07:02:54","guid":{"rendered":"http:\/\/af-ri.fr\/?page_id=21"},"modified":"2023-04-01T17:49:16","modified_gmt":"2023-04-01T17:49:16","slug":"association","status":"publish","type":"page","link":"https:\/\/af-ri.fr\/?page_id=21","title":{"rendered":"Association"},"content":{"rendered":"\t\t<div data-elementor-type=\"wp-page\" data-elementor-id=\"21\" class=\"elementor elementor-21\">\n\t\t\t\t\t\t<section class=\"elementor-section elementor-top-section elementor-element elementor-element-1f60863 elementor-section-full_width elementor-section-height-min-height elementor-section-height-default elementor-section-items-middle\" data-id=\"1f60863\" data-element_type=\"section\" data-e-type=\"section\" data-settings=\"{&quot;background_background&quot;:&quot;classic&quot;}\">\n\t\t\t\t\t\t<div class=\"elementor-container elementor-column-gap-default\">\n\t\t\t\t\t<div class=\"elementor-column elementor-col-50 elementor-top-column elementor-element elementor-element-399ea40\" data-id=\"399ea40\" data-element_type=\"column\" data-e-type=\"column\">\n\t\t\t<div class=\"elementor-widget-wrap\">\n\t\t\t\t\t\t\t<\/div>\n\t\t<\/div>\n\t\t\t\t<div class=\"elementor-column elementor-col-50 elementor-top-column elementor-element elementor-element-6519708\" data-id=\"6519708\" data-element_type=\"column\" data-e-type=\"column\">\n\t\t\t<div class=\"elementor-widget-wrap elementor-element-populated\">\n\t\t\t\t\t\t<div class=\"elementor-element elementor-element-f97cf69 elementor-widget elementor-widget-heading\" data-id=\"f97cf69\" data-element_type=\"widget\" data-e-type=\"widget\" data-widget_type=\"heading.default\">\n\t\t\t\t<div class=\"elementor-widget-container\">\n\t\t\t\t\t<h1 class=\"elementor-heading-title elementor-size-default\">Qui sommes-nous ?<\/h1>\t\t\t\t<\/div>\n\t\t\t\t<\/div>\n\t\t\t\t\t<\/div>\n\t\t<\/div>\n\t\t\t\t\t<\/div>\n\t\t<\/section>\n\t\t\t\t<section class=\"elementor-section elementor-top-section elementor-element elementor-element-2dc026f elementor-section-boxed elementor-section-height-default elementor-section-height-default\" data-id=\"2dc026f\" data-element_type=\"section\" data-e-type=\"section\">\n\t\t\t\t\t\t<div class=\"elementor-container elementor-column-gap-default\">\n\t\t\t\t\t<div class=\"elementor-column elementor-col-100 elementor-top-column elementor-element elementor-element-59d8fd0\" data-id=\"59d8fd0\" data-element_type=\"column\" data-e-type=\"column\">\n\t\t\t<div class=\"elementor-widget-wrap elementor-element-populated\">\n\t\t\t\t\t\t<div class=\"elementor-element elementor-element-ef99301 elementor-widget elementor-widget-heading\" data-id=\"ef99301\" data-element_type=\"widget\" data-e-type=\"widget\" data-widget_type=\"heading.default\">\n\t\t\t\t<div class=\"elementor-widget-container\">\n\t\t\t\t\t<h2 class=\"elementor-heading-title elementor-size-default\">Une association qui bouge avec vous.<\/h2>\t\t\t\t<\/div>\n\t\t\t\t<\/div>\n\t\t\t\t<div class=\"elementor-element elementor-element-5ca0b8e elementor-widget elementor-widget-heading\" data-id=\"5ca0b8e\" data-element_type=\"widget\" data-e-type=\"widget\" data-widget_type=\"heading.default\">\n\t\t\t\t<div class=\"elementor-widget-container\">\n\t\t\t\t\t<h2 class=\"elementor-heading-title elementor-size-default\">L\u2019A.F.R.I n\u00e9e de L\u2019A.F.R.C<\/h2>\t\t\t\t<\/div>\n\t\t\t\t<\/div>\n\t\t\t\t<div class=\"elementor-element elementor-element-bf88dd3 elementor-widget elementor-widget-text-editor\" data-id=\"bf88dd3\" data-element_type=\"widget\" data-e-type=\"widget\" data-widget_type=\"text-editor.default\">\n\t\t\t\t<div class=\"elementor-widget-container\">\n\t\t\t\t\t\t\t\t\t<p dir=\"ltr\" style=\"line-height: 1.38; text-align: justify; margin-top: 0pt; margin-bottom: 0pt;\"><span style=\"font-size: 14pt; font-family: Arial; color: #000000; background-color: transparent; font-style: normal; font-variant: normal; text-decoration: none; vertical-align: baseline; white-space: pre-wrap;\"><b>F\u00e9vrier 2019<\/b><\/span><span style=\"font-size: 13.999999999999998pt; font-family: Arial; color: #000000; background-color: transparent; font-weight: 400; font-style: normal; font-variant: normal; text-decoration: none; vertical-align: baseline; white-space: pre-wrap;\"> : Cr\u00e9ation de l\u2019A.F.R.C, Association Fran\u00e7aise de Reflexo Combin\u00e9e qui avait pour objectif de rassembler les R\u00e9flexologues de diff\u00e9rentes promotions de l\u2019E.I.R <span style=\"font-weight: 400;\">(Ecole Internationale de R\u00e9flexologie) <\/span> sur des \u00e9v\u00e9nements (Foires, salons, \u00e9v\u00e9nements sportifs, \u2026) et faire conna\u00eetre la R\u00e9flexologie au plus grand nombre. <\/span><\/p><p><span style=\"background-color: transparent; color: #000000; font-family: Arial; font-size: 14pt; white-space: pre-wrap; text-align: justify;\">Cette volont\u00e9 de se rassembler \u00e9tait commune \u00e0 d\u2019autres r\u00e9flexologues issus d\u2019autres organismes de formations.<\/span><\/p><p><span style=\"background-color: transparent; color: #000000; font-family: Arial; font-size: 14pt; white-space: pre-wrap; text-align: justify; text-indent: 36pt;\"><b>Objectif <\/b>: promouvoir les r\u00e9flexologues et la R\u00e9flexologie lors d\u2019\u00e9v\u00e9nements.<\/span><\/p><p><span style=\"background-color: transparent; color: #000000; font-family: Arial; font-size: 14pt; white-space: pre-wrap; text-align: justify;\"><b>Mars 2022 <\/b>: Cr\u00e9ation de l\u2019A.F.R.I., Association Fran\u00e7aise des R\u00e9flexologues ind\u00e9pendants <span style=\"font-weight: 400;\">et de notre marque \u00e9v\u00e9nementielle R.Ev\u2019Reflex : Rassemblement<\/span> <span style=\"font-weight: 400;\">\u00c9v\u00e9nementiel des R\u00e9flexologues<\/span>.<br \/><\/span><span style=\"background-color: transparent; color: #000000; font-family: Arial; font-size: 14pt; font-style: inherit; font-weight: inherit; text-align: justify; white-space: pre-wrap;\">Cette \u00e9volution permet aujourd\u2019hui \u00e0 l&rsquo;AFRI :<\/span><\/p><ul style=\"margin-top: 0; margin-bottom: 0; padding-inline-start: 48px;\"><li dir=\"ltr\" style=\"list-style-type: disc; font-size: 13.999999999999998pt; font-family: Arial; color: #000000; background-color: transparent; font-weight: 400; font-style: normal; font-variant: normal; text-decoration: none; vertical-align: baseline; white-space: pre;\" aria-level=\"1\"><p dir=\"ltr\" style=\"line-height: 1.38; text-align: justify; margin-top: 0pt; margin-bottom: 0pt;\" role=\"presentation\"><span style=\"font-size: 13.999999999999998pt; font-family: Arial; color: #000000; background-color: transparent; font-weight: 400; font-style: normal; font-variant: normal; text-decoration: none; vertical-align: baseline; white-space: pre-wrap;\">De r\u00e9unir des r\u00e9flexologues utilisant diff\u00e9rentes m\u00e9thodes<\/span><\/p><\/li><li dir=\"ltr\" style=\"list-style-type: disc; font-size: 13.999999999999998pt; font-family: Arial; color: #000000; background-color: transparent; font-weight: 400; font-style: normal; font-variant: normal; text-decoration: none; vertical-align: baseline; white-space: pre;\" aria-level=\"1\"><p dir=\"ltr\" style=\"line-height: 1.38; text-align: justify; margin-top: 0pt; margin-bottom: 0pt;\" role=\"presentation\"><span style=\"font-size: 13.999999999999998pt; font-family: Arial; color: #000000; background-color: transparent; font-weight: 400; font-style: normal; font-variant: normal; text-decoration: none; vertical-align: baseline; white-space: pre-wrap;\">De faciliter les \u00e9changes entre r\u00e9flexologues, de cr\u00e9er des synergies et de nous enrichir mutuellement<\/span><\/p><\/li><li dir=\"ltr\" style=\"list-style-type: disc; font-size: 13.999999999999998pt; font-family: Arial; color: #000000; background-color: transparent; font-weight: 400; font-style: normal; font-variant: normal; text-decoration: none; vertical-align: baseline; white-space: pre;\" aria-level=\"1\"><p dir=\"ltr\" style=\"line-height: 1.38; text-align: justify; margin-top: 0pt; margin-bottom: 0pt;\" role=\"presentation\"><span style=\"font-size: 13.999999999999998pt; font-family: Arial; color: #000000; background-color: transparent; font-weight: 400; font-style: normal; font-variant: normal; text-decoration: none; vertical-align: baseline; white-space: pre-wrap;\">De pouvoir toucher le plus grand nombre de personnes et de montrer au grand public l&rsquo;\u00e9ventail des diff\u00e9rentes m\u00e9thodes de r\u00e9flexologie <\/span><\/p><\/li><li><span style=\"font-size: 13.999999999999998pt; font-family: Arial; color: #000000; background-color: transparent; font-weight: 400; font-style: normal; font-variant: normal; text-decoration: none; vertical-align: baseline; white-space: pre-wrap;\">De d\u00e9velopper des partenariats plus importants au niveau national<\/span><\/li><li dir=\"ltr\" style=\"list-style-type: disc; font-size: 13.999999999999998pt; font-family: Arial; color: #000000; background-color: transparent; font-weight: 400; font-style: normal; font-variant: normal; text-decoration: none; vertical-align: baseline; white-space: pre;\" aria-level=\"1\"><p dir=\"ltr\" style=\"line-height: 1.38; text-align: justify; margin-top: 0pt; margin-bottom: 0pt;\" role=\"presentation\"><span style=\"font-size: 13.999999999999998pt; font-family: Arial; color: #000000; background-color: transparent; font-weight: 400; font-style: normal; font-variant: normal; text-decoration: none; vertical-align: baseline; white-space: pre-wrap;\">D\u2019accompagner les r\u00e9flexologues dans leur installation et le d\u00e9veloppement de leur activit\u00e9<\/span><\/p><\/li><\/ul><div><span style=\"color: #000000; font-family: Arial;\"><span style=\"font-size: 18.6667px; white-space: pre;\">\u00a0<\/span><\/span><\/div><div><p><span style=\"font-weight: 400;\">R.EV\u2019REFLEX (Rassemblement \u00c9v\u00e9nementiel des R\u00e9flexologues) nous permet de nous identifier nationalement sur des \u00e9v\u00e9nements <\/span><span style=\"font-weight: 400;\">(salons, foires, \u00e9v\u00e9nements sportifs, \u00e9v\u00e9nements en entreprise, \u2026).<\/span><\/p><p><span style=\"font-weight: 400;\">Nous sommes s\u00fbrs du succ\u00e8s de l\u2019A.F.R.I et de R.Ev\u2019Reflex qui nous permettra de nous unifier et de nous compl\u00e9ter comme le dit le proverbe africain : \u00ab\u00a0Tout seul on va plus vite, ensemble on va plus loin\u00a0\u00bb.<\/span><\/p><\/div>\t\t\t\t\t\t\t\t<\/div>\n\t\t\t\t<\/div>\n\t\t\t\t<div class=\"elementor-element elementor-element-1ab4bea elementor-widget elementor-widget-spacer\" data-id=\"1ab4bea\" data-element_type=\"widget\" data-e-type=\"widget\" data-widget_type=\"spacer.default\">\n\t\t\t\t<div class=\"elementor-widget-container\">\n\t\t\t\t\t\t\t<div class=\"elementor-spacer\">\n\t\t\t<div class=\"elementor-spacer-inner\"><\/div>\n\t\t<\/div>\n\t\t\t\t\t\t<\/div>\n\t\t\t\t<\/div>\n\t\t\t\t\t<\/div>\n\t\t<\/div>\n\t\t\t\t\t<\/div>\n\t\t<\/section>\n\t\t\t\t<section class=\"elementor-section elementor-top-section elementor-element elementor-element-0e5b362 elementor-section-boxed elementor-section-height-default elementor-section-height-default\" data-id=\"0e5b362\" data-element_type=\"section\" data-e-type=\"section\">\n\t\t\t\t\t\t<div class=\"elementor-container elementor-column-gap-default\">\n\t\t\t\t\t<div class=\"elementor-column elementor-col-25 elementor-top-column elementor-element elementor-element-ae88023\" data-id=\"ae88023\" data-element_type=\"column\" data-e-type=\"column\">\n\t\t\t<div class=\"elementor-widget-wrap\">\n\t\t\t\t\t\t\t<\/div>\n\t\t<\/div>\n\t\t\t\t<div class=\"elementor-column elementor-col-50 elementor-top-column elementor-element elementor-element-00bae34 boxed\" data-id=\"00bae34\" data-element_type=\"column\" data-e-type=\"column\">\n\t\t\t<div class=\"elementor-widget-wrap elementor-element-populated\">\n\t\t\t\t\t\t<div class=\"elementor-element elementor-element-14ef6f2 elementor-widget elementor-widget-text-editor\" data-id=\"14ef6f2\" data-element_type=\"widget\" data-e-type=\"widget\" data-widget_type=\"text-editor.default\">\n\t\t\t\t<div class=\"elementor-widget-container\">\n\t\t\t\t\t\t\t\t\t<p>Vous \u00eates :<\/p>\t\t\t\t\t\t\t\t<\/div>\n\t\t\t\t<\/div>\n\t\t\t\t<div class=\"elementor-element elementor-element-97cb2a3 elementor-icon-list--layout-traditional elementor-list-item-link-full_width elementor-widget elementor-widget-icon-list\" data-id=\"97cb2a3\" data-element_type=\"widget\" data-e-type=\"widget\" data-widget_type=\"icon-list.default\">\n\t\t\t\t<div class=\"elementor-widget-container\">\n\t\t\t\t\t\t\t<ul class=\"elementor-icon-list-items\">\n\t\t\t\t\t\t\t<li class=\"elementor-icon-list-item\">\n\t\t\t\t\t\t\t\t\t\t\t<span class=\"elementor-icon-list-icon\">\n\t\t\t\t\t\t\t<i aria-hidden=\"true\" class=\"fas fa-chevron-right\"><\/i>\t\t\t\t\t\t<\/span>\n\t\t\t\t\t\t\t\t\t\t<span class=\"elementor-icon-list-text\">Organismes de formation<\/span>\n\t\t\t\t\t\t\t\t\t<\/li>\n\t\t\t\t\t\t\t\t<li class=\"elementor-icon-list-item\">\n\t\t\t\t\t\t\t\t\t\t\t<span class=\"elementor-icon-list-icon\">\n\t\t\t\t\t\t\t<i aria-hidden=\"true\" class=\"fas fa-chevron-right\"><\/i>\t\t\t\t\t\t<\/span>\n\t\t\t\t\t\t\t\t\t\t<span class=\"elementor-icon-list-text\">Apprenants<\/span>\n\t\t\t\t\t\t\t\t\t<\/li>\n\t\t\t\t\t\t\t\t<li class=\"elementor-icon-list-item\">\n\t\t\t\t\t\t\t\t\t\t\t<span class=\"elementor-icon-list-icon\">\n\t\t\t\t\t\t\t<i aria-hidden=\"true\" class=\"fas fa-chevron-right\"><\/i>\t\t\t\t\t\t<\/span>\n\t\t\t\t\t\t\t\t\t\t<span class=\"elementor-icon-list-text\">R\u00e9flexologues<\/span>\n\t\t\t\t\t\t\t\t\t<\/li>\n\t\t\t\t\t\t<\/ul>\n\t\t\t\t\t\t<\/div>\n\t\t\t\t<\/div>\n\t\t\t\t<div class=\"elementor-element elementor-element-f9a99a4 elementor-widget elementor-widget-text-editor\" data-id=\"f9a99a4\" data-element_type=\"widget\" data-e-type=\"widget\" data-widget_type=\"text-editor.default\">\n\t\t\t\t<div class=\"elementor-widget-container\">\n\t\t\t\t\t\t\t\t\t<p style=\"text-align: center;\">Venez nous rejoindre dans cette belle aventure !<\/p>\t\t\t\t\t\t\t\t<\/div>\n\t\t\t\t<\/div>\n\t\t\t\t<div class=\"elementor-element elementor-element-d2e1fe0 elementor-align-center elementor-widget elementor-widget-button\" data-id=\"d2e1fe0\" data-element_type=\"widget\" data-e-type=\"widget\" data-widget_type=\"button.default\">\n\t\t\t\t<div class=\"elementor-widget-container\">\n\t\t\t\t\t\t\t\t\t<div class=\"elementor-button-wrapper\">\n\t\t\t\t\t<a class=\"elementor-button elementor-button-link elementor-size-sm\" href=\"\/?page_id=25\">\n\t\t\t\t\t\t<span class=\"elementor-button-content-wrapper\">\n\t\t\t\t\t\t\t\t\t<span class=\"elementor-button-text\">Contactez-nous<\/span>\n\t\t\t\t\t<\/span>\n\t\t\t\t\t<\/a>\n\t\t\t\t<\/div>\n\t\t\t\t\t\t\t\t<\/div>\n\t\t\t\t<\/div>\n\t\t\t\t\t<\/div>\n\t\t<\/div>\n\t\t\t\t<div class=\"elementor-column elementor-col-25 elementor-top-column elementor-element elementor-element-1a00d76\" data-id=\"1a00d76\" data-element_type=\"column\" data-e-type=\"column\">\n\t\t\t<div class=\"elementor-widget-wrap\">\n\t\t\t\t\t\t\t<\/div>\n\t\t<\/div>\n\t\t\t\t\t<\/div>\n\t\t<\/section>\n\t\t\t\t<section class=\"elementor-section elementor-top-section elementor-element elementor-element-a88475a elementor-section-boxed elementor-section-height-default elementor-section-height-default\" data-id=\"a88475a\" data-element_type=\"section\" data-e-type=\"section\">\n\t\t\t\t\t\t<div class=\"elementor-container elementor-column-gap-default\">\n\t\t\t\t\t<div class=\"elementor-column elementor-col-100 elementor-top-column elementor-element elementor-element-0c10287\" data-id=\"0c10287\" data-element_type=\"column\" data-e-type=\"column\">\n\t\t\t<div class=\"elementor-widget-wrap elementor-element-populated\">\n\t\t\t\t\t\t<div class=\"elementor-element elementor-element-2d5a93a elementor-widget elementor-widget-spacer\" data-id=\"2d5a93a\" data-element_type=\"widget\" data-e-type=\"widget\" data-widget_type=\"spacer.default\">\n\t\t\t\t<div class=\"elementor-widget-container\">\n\t\t\t\t\t\t\t<div class=\"elementor-spacer\">\n\t\t\t<div class=\"elementor-spacer-inner\"><\/div>\n\t\t<\/div>\n\t\t\t\t\t\t<\/div>\n\t\t\t\t<\/div>\n\t\t\t\t\t<\/div>\n\t\t<\/div>\n\t\t\t\t\t<\/div>\n\t\t<\/section>\n\t\t\t\t<\/div>\n\t\t","protected":false},"excerpt":{"rendered":"<p>Qui sommes-nous ? Une association qui bouge avec vous. L\u2019A.F.R.I n\u00e9e de L\u2019A.F.R.C F\u00e9vrier 2019 : Cr\u00e9ation de l\u2019A.F.R.C, Association Fran\u00e7aise de Reflexo Combin\u00e9e qui avait pour objectif de rassembler les R\u00e9flexologues de diff\u00e9rentes promotions de l\u2019E.I.R (Ecole Internationale de R\u00e9flexologie) sur des \u00e9v\u00e9nements (Foires, salons, \u00e9v\u00e9nements sportifs, \u2026) et faire conna\u00eetre la R\u00e9flexologie au &hellip;<\/p>\n<p class=\"read-more\"> <a class=\"\" href=\"https:\/\/af-ri.fr\/?page_id=21\"> <span class=\"screen-reader-text\">Association<\/span> Lire la suite\u00a0\u00bb<\/a><\/p>\n","protected":false},"author":1,"featured_media":0,"parent":0,"menu_order":0,"comment_status":"closed","ping_status":"closed","template":"","meta":{"site-sidebar-layout":"no-sidebar","site-content-layout":"page-builder","ast-global-header-display":"","ast-main-header-display":"","ast-hfb-above-header-display":"","ast-hfb-below-header-display":"","ast-hfb-mobile-header-display":"","site-post-title":"disabled","ast-breadcrumbs-content":"","ast-featured-img":"disabled","footer-sml-layout":"","theme-transparent-header-meta":"","adv-header-id-meta":"","stick-header-meta":"","header-above-stick-meta":"","header-main-stick-meta":"","header-below-stick-meta":"","footnotes":""},"class_list":["post-21","page","type-page","status-publish","hentry"],"yoast_head":"<!-- This site is optimized with the Yoast SEO plugin v27.5 - https:\/\/yoast.com\/product\/yoast-seo-wordpress\/ -->\n<title>Association - AFRI<\/title>\n<meta name=\"robots\" content=\"index, follow, max-snippet:-1, max-image-preview:large, max-video-preview:-1\" \/>\n<link rel=\"canonical\" href=\"https:\/\/af-ri.fr\/?page_id=21\" \/>\n<meta property=\"og:locale\" content=\"fr_FR\" \/>\n<meta property=\"og:type\" content=\"article\" \/>\n<meta property=\"og:title\" content=\"Association - AFRI\" \/>\n<meta property=\"og:description\" content=\"Qui sommes-nous ? Une association qui bouge avec vous. L\u2019A.F.R.I n\u00e9e de L\u2019A.F.R.C F\u00e9vrier 2019 : Cr\u00e9ation de l\u2019A.F.R.C, Association Fran\u00e7aise de Reflexo Combin\u00e9e qui avait pour objectif de rassembler les R\u00e9flexologues de diff\u00e9rentes promotions de l\u2019E.I.R (Ecole Internationale de R\u00e9flexologie) sur des \u00e9v\u00e9nements (Foires, salons, \u00e9v\u00e9nements sportifs, \u2026) et faire conna\u00eetre la R\u00e9flexologie au &hellip; Association Lire la suite\u00a0\u00bb\" \/>\n<meta property=\"og:url\" content=\"https:\/\/af-ri.fr\/?page_id=21\" \/>\n<meta property=\"og:site_name\" content=\"AFRI\" \/>\n<meta property=\"article:modified_time\" content=\"2023-04-01T17:49:16+00:00\" \/>\n<meta name=\"twitter:card\" content=\"summary_large_image\" \/>\n<meta name=\"twitter:label1\" content=\"Dur\u00e9e de lecture estim\u00e9e\" \/>\n\t<meta name=\"twitter:data1\" content=\"2 minutes\" \/>\n<script type=\"application\/ld+json\" class=\"yoast-schema-graph\">{\"@context\":\"https:\\\/\\\/schema.org\",\"@graph\":[{\"@type\":\"WebPage\",\"@id\":\"https:\\\/\\\/af-ri.fr\\\/?page_id=21\",\"url\":\"https:\\\/\\\/af-ri.fr\\\/?page_id=21\",\"name\":\"Association - AFRI\",\"isPartOf\":{\"@id\":\"https:\\\/\\\/af-ri.fr\\\/#website\"},\"datePublished\":\"2022-08-01T07:02:54+00:00\",\"dateModified\":\"2023-04-01T17:49:16+00:00\",\"breadcrumb\":{\"@id\":\"https:\\\/\\\/af-ri.fr\\\/?page_id=21#breadcrumb\"},\"inLanguage\":\"fr-FR\",\"potentialAction\":[{\"@type\":\"ReadAction\",\"target\":[\"https:\\\/\\\/af-ri.fr\\\/?page_id=21\"]}]},{\"@type\":\"BreadcrumbList\",\"@id\":\"https:\\\/\\\/af-ri.fr\\\/?page_id=21#breadcrumb\",\"itemListElement\":[{\"@type\":\"ListItem\",\"position\":1,\"name\":\"Home\",\"item\":\"https:\\\/\\\/af-ri.fr\\\/\"},{\"@type\":\"ListItem\",\"position\":2,\"name\":\"Association\"}]},{\"@type\":\"WebSite\",\"@id\":\"https:\\\/\\\/af-ri.fr\\\/#website\",\"url\":\"https:\\\/\\\/af-ri.fr\\\/\",\"name\":\"AFRI\",\"description\":\"\u2019Association Fran\u00e7aise des R\u00e9flexologues Ind\u00e9pendants\",\"potentialAction\":[{\"@type\":\"SearchAction\",\"target\":{\"@type\":\"EntryPoint\",\"urlTemplate\":\"https:\\\/\\\/af-ri.fr\\\/?s={search_term_string}\"},\"query-input\":{\"@type\":\"PropertyValueSpecification\",\"valueRequired\":true,\"valueName\":\"search_term_string\"}}],\"inLanguage\":\"fr-FR\"}]}<\/script>\n<!-- \/ Yoast SEO plugin. -->","yoast_head_json":{"title":"Association - AFRI","robots":{"index":"index","follow":"follow","max-snippet":"max-snippet:-1","max-image-preview":"max-image-preview:large","max-video-preview":"max-video-preview:-1"},"canonical":"https:\/\/af-ri.fr\/?page_id=21","og_locale":"fr_FR","og_type":"article","og_title":"Association - AFRI","og_description":"Qui sommes-nous ? Une association qui bouge avec vous. L\u2019A.F.R.I n\u00e9e de L\u2019A.F.R.C F\u00e9vrier 2019 : Cr\u00e9ation de l\u2019A.F.R.C, Association Fran\u00e7aise de Reflexo Combin\u00e9e qui avait pour objectif de rassembler les R\u00e9flexologues de diff\u00e9rentes promotions de l\u2019E.I.R (Ecole Internationale de R\u00e9flexologie) sur des \u00e9v\u00e9nements (Foires, salons, \u00e9v\u00e9nements sportifs, \u2026) et faire conna\u00eetre la R\u00e9flexologie au &hellip; Association Lire la suite\u00a0\u00bb","og_url":"https:\/\/af-ri.fr\/?page_id=21","og_site_name":"AFRI","article_modified_time":"2023-04-01T17:49:16+00:00","twitter_card":"summary_large_image","twitter_misc":{"Dur\u00e9e de lecture estim\u00e9e":"2 minutes"},"schema":{"@context":"https:\/\/schema.org","@graph":[{"@type":"WebPage","@id":"https:\/\/af-ri.fr\/?page_id=21","url":"https:\/\/af-ri.fr\/?page_id=21","name":"Association - AFRI","isPartOf":{"@id":"https:\/\/af-ri.fr\/#website"},"datePublished":"2022-08-01T07:02:54+00:00","dateModified":"2023-04-01T17:49:16+00:00","breadcrumb":{"@id":"https:\/\/af-ri.fr\/?page_id=21#breadcrumb"},"inLanguage":"fr-FR","potentialAction":[{"@type":"ReadAction","target":["https:\/\/af-ri.fr\/?page_id=21"]}]},{"@type":"BreadcrumbList","@id":"https:\/\/af-ri.fr\/?page_id=21#breadcrumb","itemListElement":[{"@type":"ListItem","position":1,"name":"Home","item":"https:\/\/af-ri.fr\/"},{"@type":"ListItem","position":2,"name":"Association"}]},{"@type":"WebSite","@id":"https:\/\/af-ri.fr\/#website","url":"https:\/\/af-ri.fr\/","name":"AFRI","description":"\u2019Association Fran\u00e7aise des R\u00e9flexologues Ind\u00e9pendants","potentialAction":[{"@type":"SearchAction","target":{"@type":"EntryPoint","urlTemplate":"https:\/\/af-ri.fr\/?s={search_term_string}"},"query-input":{"@type":"PropertyValueSpecification","valueRequired":true,"valueName":"search_term_string"}}],"inLanguage":"fr-FR"}]}},"_links":{"self":[{"href":"https:\/\/af-ri.fr\/index.php?rest_route=\/wp\/v2\/pages\/21","targetHints":{"allow":["GET"]}}],"collection":[{"href":"https:\/\/af-ri.fr\/index.php?rest_route=\/wp\/v2\/pages"}],"about":[{"href":"https:\/\/af-ri.fr\/index.php?rest_route=\/wp\/v2\/types\/page"}],"author":[{"embeddable":true,"href":"https:\/\/af-ri.fr\/index.php?rest_route=\/wp\/v2\/users\/1"}],"replies":[{"embeddable":true,"href":"https:\/\/af-ri.fr\/index.php?rest_route=%2Fwp%2Fv2%2Fcomments&post=21"}],"version-history":[{"count":40,"href":"https:\/\/af-ri.fr\/index.php?rest_route=\/wp\/v2\/pages\/21\/revisions"}],"predecessor-version":[{"id":1907,"href":"https:\/\/af-ri.fr\/index.php?rest_route=\/wp\/v2\/pages\/21\/revisions\/1907"}],"wp:attachment":[{"href":"https:\/\/af-ri.fr\/index.php?rest_route=%2Fwp%2Fv2%2Fmedia&parent=21"}],"curies":[{"name":"wp","href":"https:\/\/api.w.org\/{rel}","templated":true}]}}