{"id":251,"date":"2022-08-04T07:13:18","date_gmt":"2022-08-04T07:13:18","guid":{"rendered":"http:\/\/af-ri.fr\/?page_id=251"},"modified":"2023-04-01T17:32:31","modified_gmt":"2023-04-01T17:32:31","slug":"bureau","status":"publish","type":"page","link":"https:\/\/af-ri.fr\/?page_id=251","title":{"rendered":"Bureau"},"content":{"rendered":"\t\t<div data-elementor-type=\"wp-page\" data-elementor-id=\"251\" class=\"elementor elementor-251\">\n\t\t\t\t\t\t<section class=\"elementor-section elementor-top-section elementor-element elementor-element-d723785 elementor-section-full_width elementor-section-height-min-height elementor-section-height-default elementor-section-items-middle\" data-id=\"d723785\" data-element_type=\"section\" data-e-type=\"section\" data-settings=\"{&quot;background_background&quot;:&quot;classic&quot;}\">\n\t\t\t\t\t\t<div class=\"elementor-container elementor-column-gap-default\">\n\t\t\t\t\t<div class=\"elementor-column elementor-col-50 elementor-top-column elementor-element elementor-element-5395703\" data-id=\"5395703\" data-element_type=\"column\" data-e-type=\"column\">\n\t\t\t<div class=\"elementor-widget-wrap\">\n\t\t\t\t\t\t\t<\/div>\n\t\t<\/div>\n\t\t\t\t<div class=\"elementor-column elementor-col-50 elementor-top-column elementor-element elementor-element-b0c7b43\" data-id=\"b0c7b43\" data-element_type=\"column\" data-e-type=\"column\">\n\t\t\t<div class=\"elementor-widget-wrap elementor-element-populated\">\n\t\t\t\t\t\t<div class=\"elementor-element elementor-element-291a0bf elementor-widget elementor-widget-heading\" data-id=\"291a0bf\" data-element_type=\"widget\" data-e-type=\"widget\" data-widget_type=\"heading.default\">\n\t\t\t\t<div class=\"elementor-widget-container\">\n\t\t\t\t\t<h1 class=\"elementor-heading-title elementor-size-default\">Bureau et Conseil d'Administration<\/h1>\t\t\t\t<\/div>\n\t\t\t\t<\/div>\n\t\t\t\t\t<\/div>\n\t\t<\/div>\n\t\t\t\t\t<\/div>\n\t\t<\/section>\n\t\t\t\t<section class=\"elementor-section elementor-top-section elementor-element elementor-element-2c6be39 elementor-section-boxed elementor-section-height-default elementor-section-height-default\" data-id=\"2c6be39\" data-element_type=\"section\" data-e-type=\"section\">\n\t\t\t\t\t\t<div class=\"elementor-container elementor-column-gap-default\">\n\t\t\t\t\t<div class=\"elementor-column elementor-col-100 elementor-top-column elementor-element elementor-element-3520aed\" data-id=\"3520aed\" data-element_type=\"column\" data-e-type=\"column\">\n\t\t\t<div class=\"elementor-widget-wrap elementor-element-populated\">\n\t\t\t\t\t\t<div class=\"elementor-element elementor-element-7e58f0c elementor-widget elementor-widget-heading\" data-id=\"7e58f0c\" data-element_type=\"widget\" data-e-type=\"widget\" data-widget_type=\"heading.default\">\n\t\t\t\t<div class=\"elementor-widget-container\">\n\t\t\t\t\t<h2 class=\"elementor-heading-title elementor-size-default\">Le bureau<\/h2>\t\t\t\t<\/div>\n\t\t\t\t<\/div>\n\t\t\t\t<div class=\"elementor-element elementor-element-4d842a8 elementor-widget elementor-widget-image\" data-id=\"4d842a8\" data-element_type=\"widget\" data-e-type=\"widget\" data-widget_type=\"image.default\">\n\t\t\t\t<div class=\"elementor-widget-container\">\n\t\t\t\t\t\t\t\t\t\t\t\t\t\t\t<img fetchpriority=\"high\" decoding=\"async\" width=\"1024\" height=\"246\" src=\"https:\/\/af-ri.fr\/wp-content\/uploads\/2022\/08\/organigramme_final-1024x246.png\" class=\"attachment-large size-large wp-image-252\" alt=\"\" srcset=\"https:\/\/af-ri.fr\/wp-content\/uploads\/2022\/08\/organigramme_final-1024x246.png 1024w, https:\/\/af-ri.fr\/wp-content\/uploads\/2022\/08\/organigramme_final-300x72.png 300w, https:\/\/af-ri.fr\/wp-content\/uploads\/2022\/08\/organigramme_final-768x185.png 768w, https:\/\/af-ri.fr\/wp-content\/uploads\/2022\/08\/organigramme_final.png 1439w\" sizes=\"(max-width: 1024px) 100vw, 1024px\" \/>\t\t\t\t\t\t\t\t\t\t\t\t\t\t\t<\/div>\n\t\t\t\t<\/div>\n\t\t\t\t\t<\/div>\n\t\t<\/div>\n\t\t\t\t\t<\/div>\n\t\t<\/section>\n\t\t\t\t<section class=\"elementor-section elementor-top-section elementor-element elementor-element-f939514 elementor-section-boxed elementor-section-height-default elementor-section-height-default\" data-id=\"f939514\" data-element_type=\"section\" data-e-type=\"section\">\n\t\t\t\t\t\t<div class=\"elementor-container elementor-column-gap-default\">\n\t\t\t\t\t<div class=\"elementor-column elementor-col-100 elementor-top-column elementor-element elementor-element-1e8ee09\" data-id=\"1e8ee09\" data-element_type=\"column\" data-e-type=\"column\">\n\t\t\t<div class=\"elementor-widget-wrap elementor-element-populated\">\n\t\t\t\t\t\t<div class=\"elementor-element elementor-element-2818179 elementor-widget elementor-widget-heading\" data-id=\"2818179\" data-element_type=\"widget\" data-e-type=\"widget\" data-widget_type=\"heading.default\">\n\t\t\t\t<div class=\"elementor-widget-container\">\n\t\t\t\t\t<h2 class=\"elementor-heading-title elementor-size-default\">Conseil D\u2019Administration : Bureau et responsables de P\u00f4les<\/h2>\t\t\t\t<\/div>\n\t\t\t\t<\/div>\n\t\t\t\t<section class=\"elementor-section elementor-inner-section elementor-element elementor-element-e614253 elementor-section-boxed elementor-section-height-default elementor-section-height-default\" data-id=\"e614253\" data-element_type=\"section\" data-e-type=\"section\">\n\t\t\t\t\t\t<div class=\"elementor-container elementor-column-gap-default\">\n\t\t\t\t\t<div class=\"elementor-column elementor-col-50 elementor-inner-column elementor-element elementor-element-a99fc9a\" data-id=\"a99fc9a\" data-element_type=\"column\" data-e-type=\"column\">\n\t\t\t<div class=\"elementor-widget-wrap elementor-element-populated\">\n\t\t\t\t\t\t<div class=\"elementor-element elementor-element-bfb21c6 elementor-widget elementor-widget-text-editor\" data-id=\"bfb21c6\" data-element_type=\"widget\" data-e-type=\"widget\" data-widget_type=\"text-editor.default\">\n\t\t\t\t<div class=\"elementor-widget-container\">\n\t\t\t\t\t\t\t\t\t<p><span style=\"font-weight: 400;\"><strong>P\u00f4le S\u00e9nior :<\/strong> Corinne Calvo, Sonia Cabannes, Jean Marc Tartoue<\/span><\/p><p><span style=\"font-weight: 400;\"><strong>P\u00f4le Partenariat :<\/strong> Lo\u00efc Day, Yann Baleine, Fran\u00e7ois Chevallier<\/span><\/p><p><span style=\"font-weight: 400;\"><strong>P\u00f4le Soins de Support:<\/strong> Laure Gueilhers<\/span><\/p><p><span style=\"font-weight: 400;\"><strong>P\u00f4le Enfance, Jeunesse et Parentalit\u00e9 :<\/strong> Delphine Accarier, Anne Gaudill\u00e8re<\/span><\/p><p><span style=\"font-weight: 400;\"><strong>P\u00f4le Sport :<\/strong> Sophie Vallade, Yann Baleine<\/span><\/p>\t\t\t\t\t\t\t\t<\/div>\n\t\t\t\t<\/div>\n\t\t\t\t\t<\/div>\n\t\t<\/div>\n\t\t\t\t<div class=\"elementor-column elementor-col-50 elementor-inner-column elementor-element elementor-element-bbe851e\" data-id=\"bbe851e\" data-element_type=\"column\" data-e-type=\"column\">\n\t\t\t<div class=\"elementor-widget-wrap elementor-element-populated\">\n\t\t\t\t\t\t<div class=\"elementor-element elementor-element-9d57305 elementor-widget elementor-widget-text-editor\" data-id=\"9d57305\" data-element_type=\"widget\" data-e-type=\"widget\" data-widget_type=\"text-editor.default\">\n\t\t\t\t<div class=\"elementor-widget-container\">\n\t\t\t\t\t\t\t\t\t<p><strong style=\"font-style: inherit; color: var( --e-global-color-astglobalcolor4 ); font-family: var( --e-global-typography-text-font-family ), Sans-serif; background-color: var(--ast-global-color-5);\">P\u00f4le Communication :<\/strong><span style=\"font-style: inherit; color: var( --e-global-color-astglobalcolor4 ); font-family: var( --e-global-typography-text-font-family ), Sans-serif; background-color: var(--ast-global-color-5);\"> Nicole Ferry<\/span><br><\/p>\n<p><span style=\"font-weight: 400;\"><strong>P\u00f4le Adh\u00e9sion :<\/strong> Laure Gueilhers, Lo\u00efc Day<\/span><\/p>\n<p><span style=\"font-weight: 400;\"><strong>P\u00f4le Organismes de Formation Partenaires :<\/strong> Nicole Ferry<\/span><\/p>\n<p><span style=\"font-weight: 400;\"><strong>P\u00f4le Appels \u00e0 projets :<\/strong> Nicole Ferry, Lo\u00efc Day<\/span><\/p>\t\t\t\t\t\t\t\t<\/div>\n\t\t\t\t<\/div>\n\t\t\t\t\t<\/div>\n\t\t<\/div>\n\t\t\t\t\t<\/div>\n\t\t<\/section>\n\t\t\t\t<div class=\"elementor-element elementor-element-d2967d4 elementor-widget elementor-widget-spacer\" data-id=\"d2967d4\" data-element_type=\"widget\" data-e-type=\"widget\" data-widget_type=\"spacer.default\">\n\t\t\t\t<div class=\"elementor-widget-container\">\n\t\t\t\t\t\t\t<div class=\"elementor-spacer\">\n\t\t\t<div class=\"elementor-spacer-inner\"><\/div>\n\t\t<\/div>\n\t\t\t\t\t\t<\/div>\n\t\t\t\t<\/div>\n\t\t\t\t\t<\/div>\n\t\t<\/div>\n\t\t\t\t\t<\/div>\n\t\t<\/section>\n\t\t\t\t<\/div>\n\t\t","protected":false},"excerpt":{"rendered":"<p>Bureau et Conseil d&rsquo;Administration Le bureau Conseil D\u2019Administration : Bureau et responsables de P\u00f4les P\u00f4le S\u00e9nior : Corinne Calvo, Sonia Cabannes, Jean Marc Tartoue P\u00f4le Partenariat : Lo\u00efc Day, Yann Baleine, Fran\u00e7ois Chevallier P\u00f4le Soins de Support: Laure Gueilhers P\u00f4le Enfance, Jeunesse et Parentalit\u00e9 : Delphine Accarier, Anne Gaudill\u00e8re P\u00f4le Sport : Sophie Vallade, Yann &hellip;<\/p>\n<p class=\"read-more\"> <a class=\"\" href=\"https:\/\/af-ri.fr\/?page_id=251\"> <span class=\"screen-reader-text\">Bureau<\/span> Lire la suite\u00a0\u00bb<\/a><\/p>\n","protected":false},"author":1,"featured_media":0,"parent":0,"menu_order":0,"comment_status":"closed","ping_status":"closed","template":"","meta":{"site-sidebar-layout":"no-sidebar","site-content-layout":"page-builder","ast-global-header-display":"","ast-main-header-display":"","ast-hfb-above-header-display":"","ast-hfb-below-header-display":"","ast-hfb-mobile-header-display":"","site-post-title":"disabled","ast-breadcrumbs-content":"","ast-featured-img":"disabled","footer-sml-layout":"","theme-transparent-header-meta":"","adv-header-id-meta":"","stick-header-meta":"","header-above-stick-meta":"","header-main-stick-meta":"","header-below-stick-meta":"","footnotes":""},"class_list":["post-251","page","type-page","status-publish","hentry"],"yoast_head":"<!-- This site is optimized with the Yoast SEO plugin v27.5 - https:\/\/yoast.com\/product\/yoast-seo-wordpress\/ -->\n<title>Bureau - AFRI<\/title>\n<meta name=\"robots\" content=\"index, follow, max-snippet:-1, max-image-preview:large, max-video-preview:-1\" \/>\n<link rel=\"canonical\" href=\"https:\/\/af-ri.fr\/?page_id=251\" \/>\n<meta property=\"og:locale\" content=\"fr_FR\" \/>\n<meta property=\"og:type\" content=\"article\" \/>\n<meta property=\"og:title\" content=\"Bureau - AFRI\" \/>\n<meta property=\"og:description\" content=\"Bureau et Conseil d&rsquo;Administration Le bureau Conseil D\u2019Administration : Bureau et responsables de P\u00f4les P\u00f4le S\u00e9nior : Corinne Calvo, Sonia Cabannes, Jean Marc Tartoue P\u00f4le Partenariat : Lo\u00efc Day, Yann Baleine, Fran\u00e7ois Chevallier P\u00f4le Soins de Support: Laure Gueilhers P\u00f4le Enfance, Jeunesse et Parentalit\u00e9 : Delphine Accarier, Anne Gaudill\u00e8re P\u00f4le Sport : Sophie Vallade, Yann &hellip; Bureau Lire la suite\u00a0\u00bb\" \/>\n<meta property=\"og:url\" content=\"https:\/\/af-ri.fr\/?page_id=251\" \/>\n<meta property=\"og:site_name\" content=\"AFRI\" \/>\n<meta property=\"article:modified_time\" content=\"2023-04-01T17:32:31+00:00\" \/>\n<meta property=\"og:image\" content=\"http:\/\/af-ri.fr\/wp-content\/uploads\/2022\/08\/organigramme_final-1024x246.png\" \/>\n<meta name=\"twitter:card\" content=\"summary_large_image\" \/>\n<meta name=\"twitter:label1\" content=\"Dur\u00e9e de lecture estim\u00e9e\" \/>\n\t<meta name=\"twitter:data1\" content=\"1 minute\" \/>\n<script type=\"application\/ld+json\" class=\"yoast-schema-graph\">{\"@context\":\"https:\\\/\\\/schema.org\",\"@graph\":[{\"@type\":\"WebPage\",\"@id\":\"https:\\\/\\\/af-ri.fr\\\/?page_id=251\",\"url\":\"https:\\\/\\\/af-ri.fr\\\/?page_id=251\",\"name\":\"Bureau - AFRI\",\"isPartOf\":{\"@id\":\"https:\\\/\\\/af-ri.fr\\\/#website\"},\"primaryImageOfPage\":{\"@id\":\"https:\\\/\\\/af-ri.fr\\\/?page_id=251#primaryimage\"},\"image\":{\"@id\":\"https:\\\/\\\/af-ri.fr\\\/?page_id=251#primaryimage\"},\"thumbnailUrl\":\"http:\\\/\\\/af-ri.fr\\\/wp-content\\\/uploads\\\/2022\\\/08\\\/organigramme_final-1024x246.png\",\"datePublished\":\"2022-08-04T07:13:18+00:00\",\"dateModified\":\"2023-04-01T17:32:31+00:00\",\"breadcrumb\":{\"@id\":\"https:\\\/\\\/af-ri.fr\\\/?page_id=251#breadcrumb\"},\"inLanguage\":\"fr-FR\",\"potentialAction\":[{\"@type\":\"ReadAction\",\"target\":[\"https:\\\/\\\/af-ri.fr\\\/?page_id=251\"]}]},{\"@type\":\"ImageObject\",\"inLanguage\":\"fr-FR\",\"@id\":\"https:\\\/\\\/af-ri.fr\\\/?page_id=251#primaryimage\",\"url\":\"https:\\\/\\\/af-ri.fr\\\/wp-content\\\/uploads\\\/2022\\\/08\\\/organigramme_final.png\",\"contentUrl\":\"https:\\\/\\\/af-ri.fr\\\/wp-content\\\/uploads\\\/2022\\\/08\\\/organigramme_final.png\",\"width\":1439,\"height\":346},{\"@type\":\"BreadcrumbList\",\"@id\":\"https:\\\/\\\/af-ri.fr\\\/?page_id=251#breadcrumb\",\"itemListElement\":[{\"@type\":\"ListItem\",\"position\":1,\"name\":\"Home\",\"item\":\"https:\\\/\\\/af-ri.fr\\\/\"},{\"@type\":\"ListItem\",\"position\":2,\"name\":\"Bureau\"}]},{\"@type\":\"WebSite\",\"@id\":\"https:\\\/\\\/af-ri.fr\\\/#website\",\"url\":\"https:\\\/\\\/af-ri.fr\\\/\",\"name\":\"AFRI\",\"description\":\"\u2019Association Fran\u00e7aise des R\u00e9flexologues Ind\u00e9pendants\",\"potentialAction\":[{\"@type\":\"SearchAction\",\"target\":{\"@type\":\"EntryPoint\",\"urlTemplate\":\"https:\\\/\\\/af-ri.fr\\\/?s={search_term_string}\"},\"query-input\":{\"@type\":\"PropertyValueSpecification\",\"valueRequired\":true,\"valueName\":\"search_term_string\"}}],\"inLanguage\":\"fr-FR\"}]}<\/script>\n<!-- \/ Yoast SEO plugin. -->","yoast_head_json":{"title":"Bureau - AFRI","robots":{"index":"index","follow":"follow","max-snippet":"max-snippet:-1","max-image-preview":"max-image-preview:large","max-video-preview":"max-video-preview:-1"},"canonical":"https:\/\/af-ri.fr\/?page_id=251","og_locale":"fr_FR","og_type":"article","og_title":"Bureau - AFRI","og_description":"Bureau et Conseil d&rsquo;Administration Le bureau Conseil D\u2019Administration : Bureau et responsables de P\u00f4les P\u00f4le S\u00e9nior : Corinne Calvo, Sonia Cabannes, Jean Marc Tartoue P\u00f4le Partenariat : Lo\u00efc Day, Yann Baleine, Fran\u00e7ois Chevallier P\u00f4le Soins de Support: Laure Gueilhers P\u00f4le Enfance, Jeunesse et Parentalit\u00e9 : Delphine Accarier, Anne Gaudill\u00e8re P\u00f4le Sport : Sophie Vallade, Yann &hellip; Bureau Lire la suite\u00a0\u00bb","og_url":"https:\/\/af-ri.fr\/?page_id=251","og_site_name":"AFRI","article_modified_time":"2023-04-01T17:32:31+00:00","og_image":[{"url":"http:\/\/af-ri.fr\/wp-content\/uploads\/2022\/08\/organigramme_final-1024x246.png","type":"","width":"","height":""}],"twitter_card":"summary_large_image","twitter_misc":{"Dur\u00e9e de lecture estim\u00e9e":"1 minute"},"schema":{"@context":"https:\/\/schema.org","@graph":[{"@type":"WebPage","@id":"https:\/\/af-ri.fr\/?page_id=251","url":"https:\/\/af-ri.fr\/?page_id=251","name":"Bureau - AFRI","isPartOf":{"@id":"https:\/\/af-ri.fr\/#website"},"primaryImageOfPage":{"@id":"https:\/\/af-ri.fr\/?page_id=251#primaryimage"},"image":{"@id":"https:\/\/af-ri.fr\/?page_id=251#primaryimage"},"thumbnailUrl":"http:\/\/af-ri.fr\/wp-content\/uploads\/2022\/08\/organigramme_final-1024x246.png","datePublished":"2022-08-04T07:13:18+00:00","dateModified":"2023-04-01T17:32:31+00:00","breadcrumb":{"@id":"https:\/\/af-ri.fr\/?page_id=251#breadcrumb"},"inLanguage":"fr-FR","potentialAction":[{"@type":"ReadAction","target":["https:\/\/af-ri.fr\/?page_id=251"]}]},{"@type":"ImageObject","inLanguage":"fr-FR","@id":"https:\/\/af-ri.fr\/?page_id=251#primaryimage","url":"https:\/\/af-ri.fr\/wp-content\/uploads\/2022\/08\/organigramme_final.png","contentUrl":"https:\/\/af-ri.fr\/wp-content\/uploads\/2022\/08\/organigramme_final.png","width":1439,"height":346},{"@type":"BreadcrumbList","@id":"https:\/\/af-ri.fr\/?page_id=251#breadcrumb","itemListElement":[{"@type":"ListItem","position":1,"name":"Home","item":"https:\/\/af-ri.fr\/"},{"@type":"ListItem","position":2,"name":"Bureau"}]},{"@type":"WebSite","@id":"https:\/\/af-ri.fr\/#website","url":"https:\/\/af-ri.fr\/","name":"AFRI","description":"\u2019Association Fran\u00e7aise des R\u00e9flexologues Ind\u00e9pendants","potentialAction":[{"@type":"SearchAction","target":{"@type":"EntryPoint","urlTemplate":"https:\/\/af-ri.fr\/?s={search_term_string}"},"query-input":{"@type":"PropertyValueSpecification","valueRequired":true,"valueName":"search_term_string"}}],"inLanguage":"fr-FR"}]}},"_links":{"self":[{"href":"https:\/\/af-ri.fr\/index.php?rest_route=\/wp\/v2\/pages\/251","targetHints":{"allow":["GET"]}}],"collection":[{"href":"https:\/\/af-ri.fr\/index.php?rest_route=\/wp\/v2\/pages"}],"about":[{"href":"https:\/\/af-ri.fr\/index.php?rest_route=\/wp\/v2\/types\/page"}],"author":[{"embeddable":true,"href":"https:\/\/af-ri.fr\/index.php?rest_route=\/wp\/v2\/users\/1"}],"replies":[{"embeddable":true,"href":"https:\/\/af-ri.fr\/index.php?rest_route=%2Fwp%2Fv2%2Fcomments&post=251"}],"version-history":[{"count":16,"href":"https:\/\/af-ri.fr\/index.php?rest_route=\/wp\/v2\/pages\/251\/revisions"}],"predecessor-version":[{"id":1893,"href":"https:\/\/af-ri.fr\/index.php?rest_route=\/wp\/v2\/pages\/251\/revisions\/1893"}],"wp:attachment":[{"href":"https:\/\/af-ri.fr\/index.php?rest_route=%2Fwp%2Fv2%2Fmedia&parent=251"}],"curies":[{"name":"wp","href":"https:\/\/api.w.org\/{rel}","templated":true}]}}